{"id":485,"date":"2013-11-30T13:13:02","date_gmt":"2013-11-30T12:13:02","guid":{"rendered":"http:\/\/www.eureka-asbl.be\/?page_id=485"},"modified":"2026-07-27T13:37:57","modified_gmt":"2026-07-27T11:37:57","slug":"etudes-dirigees","status":"publish","type":"page","link":"https:\/\/www.campus-berlaymont.be\/l\/etudes-dirigees\/","title":{"rendered":"Etudes dirig\u00e9es"},"content":{"rendered":"<p><\/p>\n<p>Nous organisons des s\u00e9ances d&rsquo;\u00e9tudes dirig\u00e9es en prenant en charge une douzaine d&rsquo;\u00e9l\u00e8ves par groupe.<\/p>\n<p><strong>Tout d\u2019abord, nous tenons \u00e0 vous assurer que nous mettons tout en \u0153uvre pour offrir \u00e0 votre enfant un environnement s\u00e9curis\u00e9.<\/strong><\/p>\n<p><strong>\u00a0<\/strong>Les professeurs ont les objectifs suivants :\u00a0<\/p>\n<ul>\n<li>accompagner les \u00e9l\u00e8ves dans leur \u00e9tude\u00a0;<\/li>\n<li>permettre d\u2019affiner la m\u00e9thode de travail\u00a0;<\/li>\n<li>les aider \u00e0 g\u00e9rer l\u2019agenda scolaire, l\u2019ordre des cours et la r\u00e9vision de certaines mati\u00e8res\u00a0;<\/li>\n<li>conseiller, \u00e9couter et valoriser dans leurs apprentissages.<\/li>\n<\/ul>\n<p>Les jours retenus pour l\u2019\u00e9tude dirig\u00e9e sont les lundis, mardis et jeudis. Il s\u2019agit d\u2019une inscription pour les 3 jours.<\/p>\n<p>Environ 15 minutes apr\u00e8s les derniers cours, les \u00e9l\u00e8ves sont pris en charge de 16 h 15 \u00e0 17 h 15.<\/p>\n<p>Nos formules se prennent par trimestre (1, 2 ou 3) ou \u00e0 l\u2019ann\u00e9e pour l\u2019ensemble des jours de la semaine (L-M-J). Les tarifs sont adapt\u00e9s selon la (ou les) p\u00e9riode(s) retenue(s). Il n\u2019y a plus de formule \u00e0 la carte.<\/p>\n<p>Si l\u2019\u00e9l\u00e8ve est absent pour une longue dur\u00e9e avec un certificat m\u00e9dical, les s\u00e9ances non suivies sont rembours\u00e9es.<\/p>\n<p>Tarifs 2026-2027\u00a0 :<\/p>\n<ul>\n<li>4,40 euros la s\u00e9ance sur base annuelle, soit<strong><span style=\"color: #ff6600;\"> 325.60 euros<\/span><\/strong> pour 2026-2027 <strong>ATTENTION PAS DE DESINSCRIPTION POSSIBLE EN COURS D&rsquo;ANNEE<\/strong><\/li>\n<li>4,80 euros la s\u00e9ance sur base trimestrielle (1 trim. : <strong><span style=\"color: #ff6600;\">144 euros<span style=\"color: #000000;\">)<\/span><\/span><\/strong><\/li>\n<li>4,90 euros la s\u00e9ance sur base fin de trimestre.<\/li>\n<\/ul>\n<p>L\u2019inscription \u00e0 l\u2019ann\u00e9e vous permet une \u00e9conomie de plus de 10 % par rapport aux autres formules.<\/p>\n<p>Calendrier des \u00e9tudes : <a href=\"https:\/\/www.campus-berlaymont.be\/l\/wp-content\/uploads\/2026\/07\/Calendrier-Etude-2026-2027.pdf\">ICI<\/a> (sera disponible le 26 ao\u00fbt\u00a0 2026)<\/p>\n<p><strong><span style=\"color: #ff00ff;\">Inscription :\u00a0 ICI (sera disponible le 26 ao\u00fbt 2026)<\/span><\/strong><\/p>\n<p>Ann\u00e9e scolaire 2026-2027 : 30 s\u00e9ances au 1er trimestre &#8211; 32 s\u00e9ances au 2e trimestre et 12 s\u00e9ances au 3e trimestre (\u00e0 partir du 07\u00a0 septembre jusqu&rsquo;au 10 juin)<\/p>\n<p>-&gt; Pour vous y inscrire (\u00e0 partir du 24 ao\u00fbt 2026) , c&rsquo;est ici ! &lt;-<\/p>\n\n\n<p><\/p>\n","protected":false},"excerpt":{"rendered":"<p>Nous organisons des s\u00e9ances d&rsquo;\u00e9tudes dirig\u00e9es en prenant en charge une douzaine d&rsquo;\u00e9l\u00e8ves par groupe. Tout d\u2019abord, nous tenons \u00e0 vous assurer que nous mettons tout en \u0153uvre pour offrir \u00e0 votre enfant un environnement s\u00e9curis\u00e9. \u00a0Les professeurs ont les objectifs suivants :\u00a0 accompagner les \u00e9l\u00e8ves dans leur \u00e9tude\u00a0; permettre [&hellip;]<\/p>\n","protected":false},"author":3,"featured_media":0,"parent":0,"menu_order":0,"comment_status":"closed","ping_status":"closed","template":"","meta":{"spay_email":""},"jetpack_sharing_enabled":true,"jetpack_shortlink":"https:\/\/wp.me\/Pa07XE-7P","_links":{"self":[{"href":"https:\/\/www.campus-berlaymont.be\/l\/wp-json\/wp\/v2\/pages\/485"}],"collection":[{"href":"https:\/\/www.campus-berlaymont.be\/l\/wp-json\/wp\/v2\/pages"}],"about":[{"href":"https:\/\/www.campus-berlaymont.be\/l\/wp-json\/wp\/v2\/types\/page"}],"author":[{"embeddable":true,"href":"https:\/\/www.campus-berlaymont.be\/l\/wp-json\/wp\/v2\/users\/3"}],"replies":[{"embeddable":true,"href":"https:\/\/www.campus-berlaymont.be\/l\/wp-json\/wp\/v2\/comments?post=485"}],"version-history":[{"count":57,"href":"https:\/\/www.campus-berlaymont.be\/l\/wp-json\/wp\/v2\/pages\/485\/revisions"}],"predecessor-version":[{"id":8889,"href":"https:\/\/www.campus-berlaymont.be\/l\/wp-json\/wp\/v2\/pages\/485\/revisions\/8889"}],"wp:attachment":[{"href":"https:\/\/www.campus-berlaymont.be\/l\/wp-json\/wp\/v2\/media?parent=485"}],"curies":[{"name":"wp","href":"https:\/\/api.w.org\/{rel}","templated":true}]}}